{"id":10749,"date":"2025-01-27T11:59:34","date_gmt":"2025-01-27T10:59:34","guid":{"rendered":"https:\/\/skissernasmuseum.se\/?post_type=lagonda_event&#038;p=10749"},"modified":"2025-01-27T11:59:34","modified_gmt":"2025-01-27T10:59:34","slug":"lund-contemporary-ekologi-och-former-peter-sheppard-skaerved","status":"publish","type":"lagonda_event","link":"https:\/\/skissernasmuseum.se\/en\/calendar\/lund-contemporary-ekologi-och-former-peter-sheppard-skaerved\/","title":{"rendered":"Lund Contemporary: Ekologi och former \u2013 Peter Sheppard Sk\u00e6rved"},"excerpt":{"rendered":"<p>Den internationellt hyllade och Grammy-nominerade violinisten Peter Sheppard Sk\u00e6rved g\u00e4star \u00e5ter Lund Contemporary. <\/p>\n","protected":false},"author":8,"featured_media":10750,"template":"","lagonda_event_cat":[12,13],"lagonda_event_tag":[],"class_list":["post-10749","lagonda_event","type-lagonda_event","status-publish","has-post-thumbnail","hentry","lagonda_event_cat-musik","lagonda_event_cat-ovrigt"],"acf":{"event_start_date":"2025-02-08 14:00:00","event_end_date":"","event_price":"free","event_location":"","event_text":"<p data-pm-slice=\"1 1 []\">Den internationellt hyllade och Grammy-nominerade violinisten Peter Sheppard Sk\u00e6rved g\u00e4star \u00e5ter Lund Contemporary. Sheppard Sk\u00e6rved, som har en stor produktion av skivinspelningar i bagaget och \u00e4r flitigt anlitad som soloviolinist \u00f6ver hela v\u00e4rlden, har \u00e4ven under hela sitt liv varit praktiserande bildkonstn\u00e4r, med tusentals m\u00e5lningar i sin produktion. Denna unika konsert fokuserar p\u00e5 violinstycken d\u00e4r tons\u00e4ttaren l\u00e5tit sig inspireras av Sheppard Sk\u00e6rveds egna m\u00e5lningar. Vi f\u00e5r uppleva resultatet av ett konstarts\u00f6verskridande spel, d\u00e4r verket bollats fram och tillbaka mellan konstn\u00e4rerna p\u00e5 flera niv\u00e5er. \u00c4r det i slut\u00e4ndan tons\u00e4ttarens tolkning eller Peters egen tavla som klingar genom violinen? F\u00f6rutom musik av etablerade tons\u00e4ttare kommer tre verk av kompositionsstudenter fr\u00e5n Musikh\u00f6gskolan \u2013 inspirerade av m\u00e5lningar d\u00e4r Sheppard Sk\u00e6rved kombinerat natur och ekologi med abstrakta former \u2013 att framf\u00f6ras f\u00f6r f\u00f6rsta g\u00e5ngen!<\/p>\r\n&nbsp;\r\n\r\n<strong>Program:<\/strong>\r\n\r\nSadie Harrison: urval fr\u00e5n <em>Gallery<\/em>\r\nRobert Saxton: <em>Reflections in Time<\/em>\r\nRolf Martinsson: <em>Landscape<\/em>\r\nPeter Sheppard Skaerved: urval fr\u00e5n <em>A Futhork for Jan Groth<\/em>\r\nDavid Riebe: <em>Coffee by the Plague Pit<\/em>\r\n\r\nTre uruppf\u00f6randen av Kevin Andersson, Breki Sigurdarson och Rasmus Ringdahl, kompositionsstudenter vid Musikh\u00f6gskolan i Malm\u00f6.\r\n\r\nL\u00e4ngd: ca. 75 minuter utan paus\r\n\r\n&nbsp;\r\n<p data-pm-slice=\"1 1 []\">F\u00f6r femte g\u00e5ngen bjuder Odeum in till festivalen Lund Contemporary, en biennal f\u00f6r samtida konstmusik som arrangeras i samverkan med en rad lokala och regionala akt\u00f6rer. Vi ser fram emot ett varierat program d\u00e4r nyskriven musik varvas med samtal, f\u00f6rel\u00e4sningar och experimentella upplevelser. Festivalen \u00e4r en plattform f\u00f6r nya tonspr\u00e5k och kreativa id\u00e9er och ett forum f\u00f6r viktiga diskussioner om v\u00e5r musik av idag. Konstn\u00e4rlig ledare \u00e4r tons\u00e4ttaren, tillika Odeums intendent, David Riebe.<\/p>\r\n2025 \u00e5rs festival har temat <strong>VISUAL<\/strong> och flera av evenemangen lyfter olika relationer mellan musik och det visuella, exempelvis musik inspirerad av bildkonst eller vice versa, konstarts\u00f6verskridande verk, grafiska partitur, musik i utst\u00e4llningslokaler, med mera.\r\n\r\nFestivalen kan genomf\u00f6ras bl.a. tack vare gener\u00f6sa bidrag fr\u00e5n Crafoordska stiftelsen och Helge Ax:son Johnsons stiftelse.\r\n\r\n<a href=\"https:\/\/www.odeum.lu.se\/lund-contemporary\" target=\"_blank\" rel=\"noopener noreferrer nofollow\" data-attrib-id=\"link-43ed275c-81dc-41fb-9cf9-86d85d3d9e4f\"><u>L\u00e4s mer om Lund Contemporary 2025 h\u00e4r!<\/u><\/a>"},"_links":{"self":[{"href":"https:\/\/skissernasmuseum.se\/en\/wp-json\/wp\/v2\/lagonda_event\/10749","targetHints":{"allow":["GET"]}}],"collection":[{"href":"https:\/\/skissernasmuseum.se\/en\/wp-json\/wp\/v2\/lagonda_event"}],"about":[{"href":"https:\/\/skissernasmuseum.se\/en\/wp-json\/wp\/v2\/types\/lagonda_event"}],"author":[{"embeddable":true,"href":"https:\/\/skissernasmuseum.se\/en\/wp-json\/wp\/v2\/users\/8"}],"wp:featuredmedia":[{"embeddable":true,"href":"https:\/\/skissernasmuseum.se\/en\/wp-json\/wp\/v2\/media\/10750"}],"wp:attachment":[{"href":"https:\/\/skissernasmuseum.se\/en\/wp-json\/wp\/v2\/media?parent=10749"}],"wp:term":[{"taxonomy":"lagonda_event_cat","embeddable":true,"href":"https:\/\/skissernasmuseum.se\/en\/wp-json\/wp\/v2\/lagonda_event_cat?post=10749"},{"taxonomy":"lagonda_event_tag","embeddable":true,"href":"https:\/\/skissernasmuseum.se\/en\/wp-json\/wp\/v2\/lagonda_event_tag?post=10749"}],"curies":[{"name":"wp","href":"https:\/\/api.w.org\/{rel}","templated":true}]}}