{"id":13193,"date":"2026-03-16T16:12:01","date_gmt":"2026-03-16T15:12:01","guid":{"rendered":"https:\/\/skissernasmuseum.se\/?post_type=lagonda_event&#038;p=13193"},"modified":"2026-03-19T12:02:36","modified_gmt":"2026-03-19T11:02:36","slug":"anmalan-sommarkonstskolan","status":"publish","type":"lagonda_event","link":"https:\/\/skissernasmuseum.se\/en\/calendar\/anmalan-sommarkonstskolan\/","title":{"rendered":"Anm\u00e4lan Sommarkonstskolan"},"excerpt":{"rendered":"<p>Den 1 april sl\u00e4pper vi biljetterna till Skissernas Museums och Botaniska tr\u00e4dg\u00e5rdens sommarkonstskola som i \u00e5r har temat &#8220;Dr\u00f6mkonst i parken&#8221;. Boka din plats! <\/p>\n","protected":false},"author":8,"featured_media":11450,"template":"","lagonda_event_cat":[],"lagonda_event_tag":[],"class_list":["post-13193","lagonda_event","type-lagonda_event","status-publish","has-post-thumbnail","hentry"],"acf":{"event_start_date":"2026-04-01 09:00:00","event_end_date":"","event_price":"book","event_location":"","event_text":"<!-- wp:heading -->\r\n<h2 class=\"wp-block-heading\">Sommarkonstskolan \u2013 Dr\u00f6mkonst i parken<\/h2>\r\n<!-- \/wp:heading --> <!-- wp:paragraph -->\r\n\r\nSkissernas Museums sommarkonstskola i samarbete med Botaniska tr\u00e4dg\u00e5rden.\r\nB\u00e5de Botaniska tr\u00e4dg\u00e5rden och parken utanf\u00f6r Skissernas Museum st\u00e5r inf\u00f6r f\u00f6r\u00e4ndringar och under \u00e5rets sommarkonstskola passar vi p\u00e5 att dr\u00f6mma fritt kring vilka konstverk vi skulle vilja se i dessa milj\u00f6er i framtiden.\r\n\r\nVi h\u00e5ller till p\u00e5 b\u00e5da st\u00e4llena och l\u00e5ter oss inspireras av den konst som redan finns d\u00e4r. Under veckan kommer vi att skapa i olika tekniker och bland annat skissa och bygga egna fantasifulla modeller av v\u00e5ra egna f\u00f6rslag.\r\n\r\nKonstskolan avslutas med en vernissage d\u00e4r familj och v\u00e4nner bjuds in att se vad som skapats under veckan.\r\n\r\nV. 25, 15\u201318 juni f\u00f6r \u00e5lder 7\u20139 \u00e5r\r\nV. 26, 22\u201325 juni f\u00f6r \u00e5lder 10\u201312 \u00e5r\r\nTid: M\u00e5n\u2013Tors, kl. 9.00\u201312.00\r\n\r\nPris: 880 kr, inklusive material och mellanm\u00e5l.\r\n\r\n<!-- \/wp:paragraph --> <!-- wp:paragraph -->\r\n\r\nBokning av plats sker via\u00a0Billetto. En biljett per barn. Begr\u00e4nsat antal platser.\r\n<strong>Anm\u00e4lan fr\u00e5n\u00a0ons 1\u00a0april\u00a0kl. 9.00:<\/strong> <a href=\"https:\/\/billetto.se\/e\/dromkonst-i-parken-biljetter-1884975\" data-type=\"link\" data-id=\"https:\/\/billetto.se\/e\/dromkonst-i-parken-biljetter-1884975\">Boka din plats p\u00e5 Billetto.<\/a>\r\n\r\n<!-- \/wp:paragraph --> <!-- wp:paragraph -->\r\n\r\nVi skapar b\u00e5de i verkstaden och utomhus.\r\n\r\n<!-- \/wp:paragraph --> <!-- wp:paragraph -->\r\n\r\nMer info om betalning mm i\u00a0bekr\u00e4ftelsemailet\u00a0efter bokning.\r\n\r\n<!-- \/wp:paragraph --> <!-- wp:paragraph -->\r\n\r\nF\u00f6r fr\u00e5gor om aktiviteten kontakta museets konstpedagoger:\r\n\r\n<!-- \/wp:paragraph --> <!-- wp:paragraph -->\r\n\r\nMagdalena\u00a0Sigmond Zell,\u00a0<a id=\"OWA1f95ce3e-26b8-c4fb-a8e9-b4bfa00b4e5e\" class=\"x_OWAAutoLink\" title=\"mailto:magdalena.sigmond@skissernasmuseum.lu.se\" href=\"mailto:magdalena.sigmond@skissernasmuseum.lu.se\" data-olk-copy-source=\"MailCompose\" data-linkindex=\"0\">magdalena.sigmond_zell@skissernasmuseum.lu.se<\/a>\r\nLinn\u00e9a\u00a0McShane,\u00a0<a href=\"mailto:linnea.mcshane@skissernasmuseum.lu.se\" target=\"_blank\" rel=\"noreferrer noopener\">linnea.mcshane@skissernasmuseum.lu.se<\/a>\r\n\r\n<!-- \/wp:paragraph -->"},"_links":{"self":[{"href":"https:\/\/skissernasmuseum.se\/en\/wp-json\/wp\/v2\/lagonda_event\/13193","targetHints":{"allow":["GET"]}}],"collection":[{"href":"https:\/\/skissernasmuseum.se\/en\/wp-json\/wp\/v2\/lagonda_event"}],"about":[{"href":"https:\/\/skissernasmuseum.se\/en\/wp-json\/wp\/v2\/types\/lagonda_event"}],"author":[{"embeddable":true,"href":"https:\/\/skissernasmuseum.se\/en\/wp-json\/wp\/v2\/users\/8"}],"wp:featuredmedia":[{"embeddable":true,"href":"https:\/\/skissernasmuseum.se\/en\/wp-json\/wp\/v2\/media\/11450"}],"wp:attachment":[{"href":"https:\/\/skissernasmuseum.se\/en\/wp-json\/wp\/v2\/media?parent=13193"}],"wp:term":[{"taxonomy":"lagonda_event_cat","embeddable":true,"href":"https:\/\/skissernasmuseum.se\/en\/wp-json\/wp\/v2\/lagonda_event_cat?post=13193"},{"taxonomy":"lagonda_event_tag","embeddable":true,"href":"https:\/\/skissernasmuseum.se\/en\/wp-json\/wp\/v2\/lagonda_event_tag?post=13193"}],"curies":[{"name":"wp","href":"https:\/\/api.w.org\/{rel}","templated":true}]}}