{"id":14241,"date":"2026-09-01T16:31:11","date_gmt":"2026-09-01T14:31:11","guid":{"rendered":"https:\/\/skissernasmuseum.se\/?post_type=lagonda_event&#038;p=14241"},"modified":"2026-09-01T16:31:11","modified_gmt":"2026-09-01T14:31:11","slug":"temavisning-fn-och-konsten","status":"publish","type":"lagonda_event","link":"https:\/\/skissernasmuseum.se\/en\/calendar\/temavisning-fn-och-konsten\/","title":{"rendered":"Temavisning: FN och konsten"},"excerpt":{"rendered":"<p>F\u00f6lj med p\u00e5 en visning som f\u00f6rdjupar sig i konst som smyckar och har smyckat FN:s h\u00f6gkvarter i New York.<\/p>\n","protected":false},"author":8,"featured_media":10014,"template":"","lagonda_event_cat":[8],"lagonda_event_tag":[],"class_list":["post-14241","lagonda_event","type-lagonda_event","status-publish","has-post-thumbnail","hentry","lagonda_event_cat-guidad-visning"],"acf":{"event_start_date":"2026-10-22 17:30:00","event_end_date":"","event_price":"entrance","event_location":"","event_text":"<strong>Fri entr\u00e9 varje torsdag 17\u201319.<\/strong>\r\n\r\nF\u00f6lj med p\u00e5 en temavisning d\u00e4r hoppet om en v\u00e4rld i fred st\u00e5r i fokus. Inf\u00f6r FN-dagen den 26 oktober f\u00f6rdjupar vi oss i verk ur Skissernas Museums samling som har koppling till den konst som smyckar och har smyckat FN:s h\u00f6gkvarter i New York. Den konst som har donerats till FN-skrapan av dess medlemsl\u00e4nder \u00e4r en unik samling som symboliserar F\u00f6renta nationernas vision om en v\u00e4rld i fred. Under visningen f\u00e5r du uppleva ett axplock ur Skissernas Museums samlingar som bland annat innehar skisser och f\u00f6rslag till de stora draperierna i ECOSOC-salen, samt den allra f\u00f6rsta modellen till Carl Fredrik Reutersw\u00e4rds ikoniska skulptur <em>Non Violence<\/em>.\r\n\r\nVisningen \u00e4r en del i en serie temavisningar d\u00e4r vi lyfter fram verk ur Skissernas Museums samling f\u00f6r att ber\u00e4tta om id\u00e9erna, processerna och sammanhangen bakom dem. Varje visning \u00f6ppnar med olika perspektiv och ing\u00e5ngar upp f\u00f6r nya tolkningar och f\u00f6rdjupar m\u00f6tet med konsten.\r\n\r\nVisningen varar 30\u201345 minuter.\r\n\r\n&nbsp;\r\n<h3>H\u00f6stens temavisningar:<\/h3>\r\n13 &amp; 17 september kl.17.30: <a href=\"https:\/\/skissernasmuseum.se\/en\/calendar\/temavisning-demokrati-2\/\">Demokrati<\/a>\r\n\r\n22 oktober kl.17.30: FN och konsten\r\n\r\n12 november kl.17.30: Arkitektur\r\n\r\n10 december kl.17.30: Vetenskap och forskning\r\n\r\n&nbsp;"},"_links":{"self":[{"href":"https:\/\/skissernasmuseum.se\/en\/wp-json\/wp\/v2\/lagonda_event\/14241","targetHints":{"allow":["GET"]}}],"collection":[{"href":"https:\/\/skissernasmuseum.se\/en\/wp-json\/wp\/v2\/lagonda_event"}],"about":[{"href":"https:\/\/skissernasmuseum.se\/en\/wp-json\/wp\/v2\/types\/lagonda_event"}],"author":[{"embeddable":true,"href":"https:\/\/skissernasmuseum.se\/en\/wp-json\/wp\/v2\/users\/8"}],"wp:attachment":[{"href":"https:\/\/skissernasmuseum.se\/en\/wp-json\/wp\/v2\/media?parent=14241"}],"wp:term":[{"taxonomy":"lagonda_event_cat","embeddable":true,"href":"https:\/\/skissernasmuseum.se\/en\/wp-json\/wp\/v2\/lagonda_event_cat?post=14241"},{"taxonomy":"lagonda_event_tag","embeddable":true,"href":"https:\/\/skissernasmuseum.se\/en\/wp-json\/wp\/v2\/lagonda_event_tag?post=14241"}],"curies":[{"name":"wp","href":"https:\/\/api.w.org\/{rel}","templated":true}]}}