{"id":14243,"date":"2026-09-02T11:30:12","date_gmt":"2026-09-02T09:30:12","guid":{"rendered":"https:\/\/skissernasmuseum.se\/?post_type=lagonda_event&#038;p=14243"},"modified":"2026-09-02T12:13:59","modified_gmt":"2026-09-02T10:13:59","slug":"temavisning-arkitektur","status":"publish","type":"lagonda_event","link":"https:\/\/skissernasmuseum.se\/en\/calendar\/temavisning-arkitektur\/","title":{"rendered":"Temavisning: Arkitektur"},"excerpt":{"rendered":"<p>Skissernas Museum best\u00e5r av byggnader fr\u00e5n sex olika epoker, sammanl\u00e4nkade till en unik helhet. F\u00f6lj med p\u00e5 en guidad visning med fokus p\u00e5 museets arkitektur men ocks\u00e5 p\u00e5 verk i samlingen som f\u00f6rh\u00e5ller sig till den.<\/p>\n","protected":false},"author":8,"featured_media":14244,"template":"","lagonda_event_cat":[8],"lagonda_event_tag":[],"class_list":["post-14243","lagonda_event","type-lagonda_event","status-publish","has-post-thumbnail","hentry","lagonda_event_cat-guidad-visning"],"acf":{"event_start_date":"2026-11-12 17:30:00","event_end_date":"","event_price":"entrance","event_location":"","event_text":"<strong>Fri entr\u00e9 varje torsdag 17\u201319.<\/strong>\r\n\r\nVarf\u00f6r ser Skissernas Museum ut som det g\u00f6r, vad \u00e4r tankarna bakom arkitekturen? F\u00f6lj med p\u00e5 en guidad visning och uppt\u00e4ck Skissernas Museum ur ett arkitekturhistoriskt perspektiv.\r\n\r\nMuseet best\u00e5r av byggnader fr\u00e5n sex olika epoker, sammanl\u00e4nkade till en unik helhet. Tillsammans ber\u00e4ttar de om museets utveckling \u2013 fr\u00e5n det tidigare l\u00e4rarinneseminariet och Hans Westmans tillbyggnader till Johan Celsings och Elding Oscarsons moderna arkitektur. Vi ber\u00e4ttar ocks\u00e5 om ett eller tv\u00e5 konstverk fr\u00e5n samlingen som i allra h\u00f6gsta grad f\u00f6rh\u00e5ller sig till platsens arkitektur.\r\n\r\nVisningen \u00e4r en del i en serie temavisningar d\u00e4r vi lyfter fram verk ur Skissernas Museums samling f\u00f6r att ber\u00e4tta om id\u00e9erna, processerna och sammanhangen bakom dem. Varje visning \u00f6ppnar med olika perspektiv och ing\u00e5ngar upp f\u00f6r nya tolkningar och f\u00f6rdjupar m\u00f6tet med konsten.\r\n\r\nVisningen varar 30\u201345 minuter.\r\n\r\n&nbsp;\r\n<h3>H\u00f6stens temavisningar:<\/h3>\r\n13 &amp; 17 september kl.17.30: <a href=\"https:\/\/skissernasmuseum.se\/en\/calendar\/temavisning-demokrati-2\/\">Demokrati<\/a>\r\n\r\n22 oktober kl.17.30: <a href=\"https:\/\/skissernasmuseum.se\/en\/calendar\/temavisning-fn-och-konsten\/\">FN och konsten<\/a>\r\n\r\n12 november kl.17.30: Arkitektur\r\n\r\n10 december kl.17.30: <a href=\"https:\/\/skissernasmuseum.se\/en\/calendar\/temavisning-vetenskap-och-forskning\/\">Vetenskap och forskning<\/a>\r\n\r\n&nbsp;"},"_links":{"self":[{"href":"https:\/\/skissernasmuseum.se\/en\/wp-json\/wp\/v2\/lagonda_event\/14243","targetHints":{"allow":["GET"]}}],"collection":[{"href":"https:\/\/skissernasmuseum.se\/en\/wp-json\/wp\/v2\/lagonda_event"}],"about":[{"href":"https:\/\/skissernasmuseum.se\/en\/wp-json\/wp\/v2\/types\/lagonda_event"}],"author":[{"embeddable":true,"href":"https:\/\/skissernasmuseum.se\/en\/wp-json\/wp\/v2\/users\/8"}],"wp:featuredmedia":[{"embeddable":true,"href":"https:\/\/skissernasmuseum.se\/en\/wp-json\/wp\/v2\/media\/14244"}],"wp:attachment":[{"href":"https:\/\/skissernasmuseum.se\/en\/wp-json\/wp\/v2\/media?parent=14243"}],"wp:term":[{"taxonomy":"lagonda_event_cat","embeddable":true,"href":"https:\/\/skissernasmuseum.se\/en\/wp-json\/wp\/v2\/lagonda_event_cat?post=14243"},{"taxonomy":"lagonda_event_tag","embeddable":true,"href":"https:\/\/skissernasmuseum.se\/en\/wp-json\/wp\/v2\/lagonda_event_tag?post=14243"}],"curies":[{"name":"wp","href":"https:\/\/api.w.org\/{rel}","templated":true}]}}