{"id":7243,"date":"2023-01-24T15:26:02","date_gmt":"2023-01-24T14:26:02","guid":{"rendered":"https:\/\/skissernasmuseum.se\/?post_type=lagonda_event&#038;p=7243"},"modified":"2023-01-26T15:55:45","modified_gmt":"2023-01-26T14:55:45","slug":"finissagevecka-guidad-visning-av-coronasamlingen-2023-02-09","status":"publish","type":"lagonda_event","link":"https:\/\/skissernasmuseum.se\/en\/calendar\/finissagevecka-guidad-visning-av-coronasamlingen-2023-02-09\/","title":{"rendered":"Finissagevecka: Guidad visning av Coronasamlingen"},"excerpt":{"rendered":"<p>Sista chansen! F\u00f6lj med en av v\u00e5ra kunniga konstguider p\u00e5 en guidad visning i utst\u00e4llningen Coronasamlingen \u2013 Statens konstr\u00e5ds nyf\u00f6rv\u00e4rv 2021.<\/p>\n","protected":false},"author":8,"featured_media":7241,"template":"","lagonda_event_cat":[8],"lagonda_event_tag":[],"class_list":["post-7243","lagonda_event","type-lagonda_event","status-publish","has-post-thumbnail","hentry","lagonda_event_cat-guidad-visning"],"acf":{"event_start_date":"2023-02-09 18:00:00","event_end_date":"","event_price":"entrance","event_location":"","event_text":"<strong>Fri entr\u00e9 f\u00f6r studenter, unga under 25 och anst\u00e4llda vid Lunds universitet<\/strong>\r\n<h3>Sista chansen! Guidad visning av Coronasamlingen \u2013 Statens konstr\u00e5ds nyf\u00f6rv\u00e4rv 2021<\/h3>\r\nUnder 2021 k\u00f6pte Statens konstr\u00e5d in konst f\u00f6r 25 miljoner kronor, ett regeringsuppdrag som syftade till att st\u00f6tta det svenska konstlivet under coronapandemin. Mer \u00e4n 500 konstverk fr\u00e5n \u00f6ver 350 konstn\u00e4rer f\u00f6rv\u00e4rvades och kommer att placeras ut p\u00e5 olika platser runt om i Sverige. Utst\u00e4llningen p\u00e5 Skissernas Museum visar ett urval av konstverken som speglar den bredd och m\u00e5ngfald som k\u00e4nnetecknar svenskt konstliv i dag. F\u00f6lj med en av v\u00e5ra konstguider p\u00e5 en guidad visning i utst\u00e4llningen.\r\n\r\nL\u00e4s mer om <a href=\"https:\/\/skissernasmuseum.se\/exhibitions\/coronasamlingen\/\">Coronasamlingen \u2013 Statens konstr\u00e5ds nyf\u00f6rv\u00e4rv 2021<\/a>\r\n\r\nTorsdag 9\/2, 19.00\r\nL\u00f6rdag 11\/2, 13.00 (eng) &amp; 15.00\r\nS\u00f6ndag 12\/2, 13.00 &amp; 15.00 (eng)"},"_links":{"self":[{"href":"https:\/\/skissernasmuseum.se\/en\/wp-json\/wp\/v2\/lagonda_event\/7243","targetHints":{"allow":["GET"]}}],"collection":[{"href":"https:\/\/skissernasmuseum.se\/en\/wp-json\/wp\/v2\/lagonda_event"}],"about":[{"href":"https:\/\/skissernasmuseum.se\/en\/wp-json\/wp\/v2\/types\/lagonda_event"}],"author":[{"embeddable":true,"href":"https:\/\/skissernasmuseum.se\/en\/wp-json\/wp\/v2\/users\/8"}],"wp:featuredmedia":[{"embeddable":true,"href":"https:\/\/skissernasmuseum.se\/en\/wp-json\/wp\/v2\/media\/7241"}],"wp:attachment":[{"href":"https:\/\/skissernasmuseum.se\/en\/wp-json\/wp\/v2\/media?parent=7243"}],"wp:term":[{"taxonomy":"lagonda_event_cat","embeddable":true,"href":"https:\/\/skissernasmuseum.se\/en\/wp-json\/wp\/v2\/lagonda_event_cat?post=7243"},{"taxonomy":"lagonda_event_tag","embeddable":true,"href":"https:\/\/skissernasmuseum.se\/en\/wp-json\/wp\/v2\/lagonda_event_tag?post=7243"}],"curies":[{"name":"wp","href":"https:\/\/api.w.org\/{rel}","templated":true}]}}