{"id":7277,"date":"2023-02-04T10:00:14","date_gmt":"2023-02-04T09:00:14","guid":{"rendered":"https:\/\/skissernasmuseum.se\/?post_type=lagonda_event&#038;p=7277"},"modified":"2023-02-14T23:36:37","modified_gmt":"2023-02-14T22:36:37","slug":"guidad-visning-om-museets-arkitektur-3","status":"publish","type":"lagonda_event","link":"https:\/\/skissernasmuseum.se\/en\/calendar\/guidad-visning-om-museets-arkitektur-3\/","title":{"rendered":"Guidad visning med Martin R\u00f6rby om museets arkitektur"},"excerpt":{"rendered":"<p>F\u00f6lj med arkitekturhistoriker Martin R\u00f6rby p\u00e5 en guidad visning med fokus p\u00e5 museets arkitektur!<\/p>\n","protected":false},"author":8,"featured_media":7334,"template":"","lagonda_event_cat":[8],"lagonda_event_tag":[],"class_list":["post-7277","lagonda_event","type-lagonda_event","status-publish","has-post-thumbnail","hentry","lagonda_event_cat-guidad-visning"],"acf":{"event_start_date":"2023-02-23 19:00:00","event_end_date":"","event_price":"entrance","event_location":"","event_text":"<strong>Fri entr\u00e9 f\u00f6r studenter, unga under 25 och anst\u00e4llda vid Lunds universitet<\/strong>\r\n<h3>Arkitekturhistoriker Martin R\u00f6rby ger en guidad visning om museets arkitektur<\/h3>\r\nSkissernas Museum best\u00e5r idag av byggnader fr\u00e5n sex olika epoker, som alla l\u00e4nkats ihop till en. F\u00f6lj med p\u00e5 en guidad visning med fokus p\u00e5 museets arkitektur!\r\n<p data-pm-slice=\"1 1 []\">Martin R\u00f6rby, f\u00f6dd 1964, \u00e4r arkitekturhistoriker, skribent och debatt\u00f6r. F\u00f6r en bredare allm\u00e4nhet \u00e4r han kanske mest k\u00e4nd f\u00f6r att \u00e5terkommande presentera byggnadskonst i SVT, bland annat i \"Go'kv\u00e4ll\". R\u00f6rby har tidigare varit engagerad vid Arkitekturmuseet (nu ArkDes) och Stockholms universitet, d\u00e4r han 2003 disputerade p\u00e5 en avhandling om arkitekten David Helld\u00e9n. Mellan 2004 och 2014 var han knuten till R\u00e5det till skydd f\u00f6r Stockholms sk\u00f6nhet, Sk\u00f6nhetsr\u00e5det, som sekreterare och kanslichef. Han driver nu egen verksamhet och \u00e4r dessutom knuten till Birthe &amp; Per Arwidssons stiftelse. Ut\u00f6ver detta \u00e4r han sedan 2020 engagerad som senior r\u00e5dgivare vid Stockholms stadsmuseum. \u00c5ren 2017-19 var han ledamot av, och d\u00e4refter fram till 2021 ordf\u00f6rande i Sveriges Arkitekters Akademi f\u00f6r Kulturmilj\u00f6. Martin R\u00f6rby har tilldelats Olle Engkvist-medalj av Stockholms Byggnadsf\u00f6rening (2020) och 2020 bel\u00f6nade samma f\u00f6rening honom med sin Jubileumsstiftelses hederspris, b\u00e5da utm\u00e4rkelserna f\u00f6r hans publicistiska och folkbildande insatser inom arkitektur- och stadsbyggnadsomr\u00e5det.<\/p>\r\n<strong>L\u00e4s mer om den kommande utst\u00e4llningen<\/strong> <a href=\"https:\/\/skissernasmuseum.se\/exhibitions\/arkitektur-skulptur\/\">ARKITEKTUR SKULPTUR \u2013 Sigurd Lewerentz, Petra Gipp<\/a>\r\n<strong>L\u00e4s mer om\u00a0<\/strong><a href=\"https:\/\/skissernasmuseum.se\/museibyggnaden\/\"> museets byggnader<\/a>"},"_links":{"self":[{"href":"https:\/\/skissernasmuseum.se\/en\/wp-json\/wp\/v2\/lagonda_event\/7277","targetHints":{"allow":["GET"]}}],"collection":[{"href":"https:\/\/skissernasmuseum.se\/en\/wp-json\/wp\/v2\/lagonda_event"}],"about":[{"href":"https:\/\/skissernasmuseum.se\/en\/wp-json\/wp\/v2\/types\/lagonda_event"}],"author":[{"embeddable":true,"href":"https:\/\/skissernasmuseum.se\/en\/wp-json\/wp\/v2\/users\/8"}],"wp:featuredmedia":[{"embeddable":true,"href":"https:\/\/skissernasmuseum.se\/en\/wp-json\/wp\/v2\/media\/7334"}],"wp:attachment":[{"href":"https:\/\/skissernasmuseum.se\/en\/wp-json\/wp\/v2\/media?parent=7277"}],"wp:term":[{"taxonomy":"lagonda_event_cat","embeddable":true,"href":"https:\/\/skissernasmuseum.se\/en\/wp-json\/wp\/v2\/lagonda_event_cat?post=7277"},{"taxonomy":"lagonda_event_tag","embeddable":true,"href":"https:\/\/skissernasmuseum.se\/en\/wp-json\/wp\/v2\/lagonda_event_tag?post=7277"}],"curies":[{"name":"wp","href":"https:\/\/api.w.org\/{rel}","templated":true}]}}