{"id":8678,"date":"2023-10-17T16:50:02","date_gmt":"2023-10-17T14:50:02","guid":{"rendered":"https:\/\/skissernasmuseum.se\/?post_type=lagonda_event&#038;p=8678"},"modified":"2023-10-18T13:37:12","modified_gmt":"2023-10-18T11:37:12","slug":"vardet-av-en-samling-ett-samtal-om-konstmuseernas-forutsattningar-i-ekonomisk-kris","status":"publish","type":"lagonda_event","link":"https:\/\/skissernasmuseum.se\/en\/calendar\/vardet-av-en-samling-ett-samtal-om-konstmuseernas-forutsattningar-i-ekonomisk-kris\/","title":{"rendered":"V\u00e4rdet av en samling \u2013 Ett samtal om konstmuseernas f\u00f6ruts\u00e4ttningar i ekonomisk kris"},"excerpt":{"rendered":"<p>Hur p\u00e5verkas museernas konstsamlingar av den ekonomiska krisen? Skissernas Museum bjuder in till ett samtal med\u00a0Kirse Junge-Stevnsborg, konstmuseichef Malm\u00f6 Konstmuseum och\u00a0\u00ddrr J\u00f3nasd\u00f3ttir, konstmuseichef, Ystads konstmuseum. Samtalet leds av Linda Fagerstr\u00f6m,\u00a0docent i Konst- och bildvetenskap vid Linn\u00e9universitetet och inleds av museichef Annie Lindberg. <\/p>\n","protected":false},"author":8,"featured_media":8679,"template":"","lagonda_event_cat":[9],"lagonda_event_tag":[],"class_list":["post-8678","lagonda_event","type-lagonda_event","status-publish","has-post-thumbnail","hentry","lagonda_event_cat-samtal"],"acf":{"event_start_date":"2023-11-02 18:30:00","event_end_date":"","event_price":"entrance","event_location":"","event_text":"<p class=\"x_MsoNormal\">I media rapporteras om ett kulturliv i kris d\u00e4r \u00f6kade omkostnader, h\u00f6jda hyror och h\u00f6ga elpriser, utan h\u00f6jda anslag, sl\u00e5r h\u00e5rt mot en bransch som precis h\u00e5ller p\u00e5 att \u00e5terh\u00e4mta sig fr\u00e5n pandemin. F\u00e4rre men l\u00e4ngre konstutst\u00e4llningar \u00e4r den r\u00e5dande trenden p\u00e5 allt fler museer b\u00e5de i Sverige och internationellt. M\u00e5nga museer ser \u00e4ven \u00f6ver \u00f6ppettider, h\u00f6jer entr\u00e9avgifter och drar ner programverksamheten. Det \u00e4r enkelt att se att detta f\u00e5r direkta konsekvenser f\u00f6r publiken och verksamheternas tillg\u00e4nglighet. Men vilka blir konsekvenserna p\u00e5 l\u00e5ng sikt, och hur p\u00e5verkas museernas konstsamlingar?<\/p>\r\n<p class=\"x_MsoNormal\">V\u00e4lkommen till ett samtal om konstmuseernas f\u00f6ruts\u00e4ttningar i den ekonomiska krisen med Kirse Junge-Stevnsborg, konstmuseichef Malm\u00f6 Konstmuseum och \u00ddrr J\u00f3nasd\u00f3ttir, konstmuseichef, Ystads konstmuseum. Samtalet leds av Linda Fagerstr\u00f6m, docent i Konst- och bildvetenskap vid Linn\u00e9universitetet samt konstkritiker. Museichef Annie Lindberg h\u00e4lsar v\u00e4lkommen.<\/p>\r\n<p class=\"x_MsoNormal\">Skissernas Museum har nyligen \u00f6ppnat utst\u00e4llningen\u00a0<em>Kom som du \u00e4r! \u2026och andra nyf\u00f6rv\u00e4rv<\/em>, som presenterar ett urval av alla de verk som har f\u00f6rvaltats till samlingen under de senaste \u00e5ren. Museet bjuder in till detta samtal f\u00f6r att lyfta fr\u00e5gor kring konstmuseernas f\u00f6ruts\u00e4ttningar att utf\u00f6ra sitt uppdrag att samla och f\u00f6rvalta. Vilka utmaningar finns i ekonomiskt sv\u00e5ra tider? Vilka f\u00f6rv\u00e4rv riskerar vi att missa i brist p\u00e5 resurser och hur kommer det \u00e5terspeglas i samlingarna?\u00a0Vilka m\u00f6jligheter har vi att v\u00e5rda och f\u00f6rvalta det som redan ryms i \u00f6verfulla magasin?<\/p>"},"_links":{"self":[{"href":"https:\/\/skissernasmuseum.se\/en\/wp-json\/wp\/v2\/lagonda_event\/8678","targetHints":{"allow":["GET"]}}],"collection":[{"href":"https:\/\/skissernasmuseum.se\/en\/wp-json\/wp\/v2\/lagonda_event"}],"about":[{"href":"https:\/\/skissernasmuseum.se\/en\/wp-json\/wp\/v2\/types\/lagonda_event"}],"author":[{"embeddable":true,"href":"https:\/\/skissernasmuseum.se\/en\/wp-json\/wp\/v2\/users\/8"}],"wp:featuredmedia":[{"embeddable":true,"href":"https:\/\/skissernasmuseum.se\/en\/wp-json\/wp\/v2\/media\/8679"}],"wp:attachment":[{"href":"https:\/\/skissernasmuseum.se\/en\/wp-json\/wp\/v2\/media?parent=8678"}],"wp:term":[{"taxonomy":"lagonda_event_cat","embeddable":true,"href":"https:\/\/skissernasmuseum.se\/en\/wp-json\/wp\/v2\/lagonda_event_cat?post=8678"},{"taxonomy":"lagonda_event_tag","embeddable":true,"href":"https:\/\/skissernasmuseum.se\/en\/wp-json\/wp\/v2\/lagonda_event_tag?post=8678"}],"curies":[{"name":"wp","href":"https:\/\/api.w.org\/{rel}","templated":true}]}}