{"id":9891,"date":"2024-08-15T16:12:57","date_gmt":"2024-08-15T14:12:57","guid":{"rendered":"https:\/\/skissernasmuseum.se\/?post_type=lagonda_event&#038;p=9891"},"modified":"2024-08-22T16:13:00","modified_gmt":"2024-08-22T14:13:00","slug":"camilla-johansson-backlund-det-implicita-2","status":"publish","type":"lagonda_event","link":"https:\/\/skissernasmuseum.se\/en\/calendar\/camilla-johansson-backlund-det-implicita-2\/","title":{"rendered":"Camilla Johansson B\u00e4cklund \u2013 Det implicita"},"excerpt":{"rendered":"<p>Ett tv\u00e5dagars performanceverk vilket \u00e4r en iteration av Camillas p\u00e5g\u00e5ende avhandling som g\u00e5r under arbetsnamnet\u00a0&#8220;Vetandets veckelverk&#8221;. I avhandlingen f\u00f6ljer hon universitetsstudenters utforskande skissarbeten med ett s\u00e4rskilt intresse f\u00f6r hur materialiteter och rumsligheter kan ses som medskapare i processen.<\/p>\n","protected":false},"author":8,"featured_media":9889,"template":"","lagonda_event_cat":[13,10],"lagonda_event_tag":[],"class_list":["post-9891","lagonda_event","type-lagonda_event","status-publish","has-post-thumbnail","hentry","lagonda_event_cat-ovrigt","lagonda_event_cat-tillfallig-utstallning"],"acf":{"event_start_date":"2024-09-08 12:00:00","event_end_date":"2024-09-08 17:00:00","event_price":"entrance","event_location":"","event_text":"<strong>Fri entr\u00e9 f\u00f6r studenter, unga under 25 och anst\u00e4llda vid Lunds universitet.<\/strong>\r\n\r\nEtt tv\u00e5dagars performanceverk vilket \u00e4r en iteration av Camilla Johansson B\u00e4cklunds p\u00e5g\u00e5ende avhandling som g\u00e5r under arbetsnamnet <em>Vetandets veckelverk<\/em>. I avhandlingen f\u00f6ljer hon universitetsstudenters utforskande skissarbeten med ett s\u00e4rskilt intresse f\u00f6r hur materialiteter och rumsligheter kan ses som medskapare i processen. Tillsammans med kunskapsfilosofiska resonemang av bland andra Karen Barad, Gilles Deleuze och \u00c8douard Glissant n\u00e4rmar hon sig de pedagogiska sammanhangen och de handlingar som blir till med dem som asymmetriska och flyktande veckelverkanden.\r\n\r\nDeleuze f\u00f6ljer i sitt verk <em>Vecket<\/em> Gottfried Wilhelm Leibniz filosofi och lyfter d\u00e4r de barocka veckens upprepade f\u00f6rekomst samt hur de inte bara har betydelse f\u00f6r den epok Leibniz levde i utan ocks\u00e5 letar sig till andra tider och platser. Hur det rent av blir en ontologi. En filosofi om allts iterativa blivande genom veckning. Vecket beskrivs ocks\u00e5 som en figur f\u00f6r hur alla typer av mots\u00e4ttningar s\u00e5 som exempelvis innanf\u00f6r\/utanf\u00f6r och kropp\/sj\u00e4l i sj\u00e4lva verket \u00e4r oskiljaktiga aspekter av samma helhet. Camillas avhandling r\u00f6r sig i en s\u00e5dan immanensontologisk filosofi och vill utmana, den inom v\u00e5r samtid, skarpa uppdelningen mellan konst och vetenskap. F\u00f6r henne \u00e4r performance att f\u00f6lja och f\u00f6rst\u00e5, att unders\u00f6ka genom att g\u00f6ra, att vetenskapa.\r\n\r\n<em>\u201d Vecket som bild, handling och r\u00f6relse att t\u00e4nka med och igenom har kommit att bli v\u00e4ldigt betydelsefullt f\u00f6r min avhandlings metodologi.\u201d<\/em>\r\n\r\nTidigare verk som itererat inom avhandlingsarbetet \u00e4r <em>Det explicita<\/em> (2023), <em>Det implexiva<\/em> (2023), <em>Vetandets sista vildmark<\/em> (2023) och <em>Kr\u00f6kningen<\/em> (2024).\r\n\r\n<strong>Camilla Johansson B\u00e4cklund<\/strong> (f.1976) har en Master i fri konst fr\u00e5n HDK-Valand och en filosofie masterexamen i Utbildningsvetenskap med inriktning mot bild. Sedan h\u00f6sten 2019 doktorerar hon vid G\u00f6teborgs universitets Centrum f\u00f6r Utbildningsvetenskap och L\u00e4rarforskning (CUL) inom \u00e4mnet Estetiska uttrycksformer. De roller och f\u00f6rh\u00e5llningss\u00e4tt som det konstn\u00e4rliga arbetet, l\u00e4rarskapet och forskningen inneb\u00e4r r\u00f6r sig ofta som en sammantrasslad enhet i hennes verk. Camilla bor och verkar i Svensh\u00f6gen d\u00e4r hon tillsammans med n\u00e5gra andra konstn\u00e4rer \u00e4ven driver den fria konstscenen Stationen. Hon arbetar ocks\u00e5 som l\u00e4rare p\u00e5 Konstn\u00e4rliga fakulteten, G\u00f6teborgs universitet."},"_links":{"self":[{"href":"https:\/\/skissernasmuseum.se\/en\/wp-json\/wp\/v2\/lagonda_event\/9891","targetHints":{"allow":["GET"]}}],"collection":[{"href":"https:\/\/skissernasmuseum.se\/en\/wp-json\/wp\/v2\/lagonda_event"}],"about":[{"href":"https:\/\/skissernasmuseum.se\/en\/wp-json\/wp\/v2\/types\/lagonda_event"}],"author":[{"embeddable":true,"href":"https:\/\/skissernasmuseum.se\/en\/wp-json\/wp\/v2\/users\/8"}],"wp:featuredmedia":[{"embeddable":true,"href":"https:\/\/skissernasmuseum.se\/en\/wp-json\/wp\/v2\/media\/9889"}],"wp:attachment":[{"href":"https:\/\/skissernasmuseum.se\/en\/wp-json\/wp\/v2\/media?parent=9891"}],"wp:term":[{"taxonomy":"lagonda_event_cat","embeddable":true,"href":"https:\/\/skissernasmuseum.se\/en\/wp-json\/wp\/v2\/lagonda_event_cat?post=9891"},{"taxonomy":"lagonda_event_tag","embeddable":true,"href":"https:\/\/skissernasmuseum.se\/en\/wp-json\/wp\/v2\/lagonda_event_tag?post=9891"}],"curies":[{"name":"wp","href":"https:\/\/api.w.org\/{rel}","templated":true}]}}