{"id":9900,"date":"2024-08-21T14:31:13","date_gmt":"2024-08-21T12:31:13","guid":{"rendered":"https:\/\/skissernasmuseum.se\/?post_type=lagonda_event&#038;p=9900"},"modified":"2024-08-27T14:30:08","modified_gmt":"2024-08-27T12:30:08","slug":"folkets-horna-nicolas-lunabba-och-jakob-eng","status":"publish","type":"lagonda_event","link":"https:\/\/skissernasmuseum.se\/en\/calendar\/folkets-horna-nicolas-lunabba-och-jakob-eng\/","title":{"rendered":"Folkets h\u00f6rna: Nicolas Lunabba och Jakob Eng"},"excerpt":{"rendered":"<p>Folkets h\u00f6rna \u2013 arbete p\u00e5g\u00e5r \u00e4r en scen f\u00f6r sk\u00f6nlitter\u00e4ra texter under process. Medverkade vid s\u00e4songens f\u00f6rsta Folkets h\u00f6rna \u00e4r f\u00f6rfattare Nicolas Lunabba och Jakob Eng. <\/p>\n","protected":false},"author":8,"featured_media":9914,"template":"","lagonda_event_cat":[13,9],"lagonda_event_tag":[],"class_list":["post-9900","lagonda_event","type-lagonda_event","status-publish","has-post-thumbnail","hentry","lagonda_event_cat-ovrigt","lagonda_event_cat-samtal"],"acf":{"event_start_date":"2024-09-11 18:30:00","event_end_date":"","event_price":"free","event_location":"","event_text":"<strong>Fri entr\u00e9<\/strong>\r\n<h2>En unik inblick i f\u00f6rfattarens skrivprocess<\/h2>\r\nMedverkade vid s\u00e4songens f\u00f6rsta Folkets h\u00f6rna \u00e4r f\u00f6rfattare Nicolas Lunabba och Jakob Eng. Ther\u00e9se Granwald och Johan Blomgren fr\u00e5n Folkets h\u00f6rna samtalsleder.\r\n\r\nFolkets h\u00f6rna \u2013 arbete p\u00e5g\u00e5r \u00e4r en scen f\u00f6r sk\u00f6nlitter\u00e4ra texter under process. P\u00e5 Folkets h\u00f6rna medverkar vid varje tillf\u00e4lle tv\u00e5 f\u00f6rfattare, en som redan \u00e4r etablerad och en som \u00e4nnu ej givits ut p\u00e5 de etablerade f\u00f6rlagen. Varje f\u00f6rfattare l\u00e4ser upp ett kort utdrag ur ett p\u00e5g\u00e5ende skrivprojekt och f\u00e5r sedan respons av tv\u00e5 skrivpedagoger som leder textsamtalen. De f\u00e5r \u00e4ven respons av den andra medverkande f\u00f6rfattaren och av publiken. P\u00e5 s\u00e5 vis f\u00e5r f\u00f6rfattarna en unik m\u00f6jlighet att testa sina work in progress p\u00e5 andra, och publiken f\u00e5r en s\u00e4llsynt inblick i och m\u00f6jlighet att p\u00e5verka en f\u00f6rfattares skrivprocess. Man m\u00e5ste inte delta i samtalet, det g\u00e5r bra att bara lyssna, men det uppmuntras.\r\n\r\nV\u00e5r etablerade f\u00f6rfattare denna kv\u00e4ll \u00e4r Nicolas Lunabba. Nicolas \u00e4r ungdomsledare i utsatta omr\u00e5den i Malm\u00f6 genom f\u00f6reningen Helamalm\u00f6 och debutboken \"Blir du ledsen om jag d\u00f6r?\" blev en enorm kritiker- och l\u00e4sarsucc\u00e9. Den uts\u00e5gs till \u00e5rets b\u00e4sta bok av bland andra Leif GW Persson och Andreas Cervenka och \u00f6vers\u00e4tts nu till flera spr\u00e5k. Nicolas uts\u00e5gs till \u00c5rets medm\u00e4nniska 2022 och utn\u00e4mndes samma \u00e5r till hedersdoktor i socialt arbete vid Malm\u00f6 universitet.\r\n\r\nSamtalet g\u00e5r att f\u00f6lja live via<a href=\"https:\/\/us02web.zoom.us\/j\/85712062473\"> Zoom.us<\/a>\r\n\r\n<em>Folkets h\u00f6rna arrangeras med st\u00f6d av Region Sk\u00e5ne, Kulturr\u00e5det och Lunds kommun.<\/em>"},"_links":{"self":[{"href":"https:\/\/skissernasmuseum.se\/en\/wp-json\/wp\/v2\/lagonda_event\/9900","targetHints":{"allow":["GET"]}}],"collection":[{"href":"https:\/\/skissernasmuseum.se\/en\/wp-json\/wp\/v2\/lagonda_event"}],"about":[{"href":"https:\/\/skissernasmuseum.se\/en\/wp-json\/wp\/v2\/types\/lagonda_event"}],"author":[{"embeddable":true,"href":"https:\/\/skissernasmuseum.se\/en\/wp-json\/wp\/v2\/users\/8"}],"wp:featuredmedia":[{"embeddable":true,"href":"https:\/\/skissernasmuseum.se\/en\/wp-json\/wp\/v2\/media\/9914"}],"wp:attachment":[{"href":"https:\/\/skissernasmuseum.se\/en\/wp-json\/wp\/v2\/media?parent=9900"}],"wp:term":[{"taxonomy":"lagonda_event_cat","embeddable":true,"href":"https:\/\/skissernasmuseum.se\/en\/wp-json\/wp\/v2\/lagonda_event_cat?post=9900"},{"taxonomy":"lagonda_event_tag","embeddable":true,"href":"https:\/\/skissernasmuseum.se\/en\/wp-json\/wp\/v2\/lagonda_event_tag?post=9900"}],"curies":[{"name":"wp","href":"https:\/\/api.w.org\/{rel}","templated":true}]}}